{"id":67,"date":"2013-01-11T21:32:38","date_gmt":"2013-01-11T19:32:38","guid":{"rendered":"http:\/\/vie-de-boheme.de\/urlaub\/?page_id=67"},"modified":"2022-01-16T15:51:19","modified_gmt":"2022-01-16T13:51:19","slug":"anfrage-reservierung","status":"publish","type":"page","link":"https:\/\/www.vie-de-boheme.de\/urlaub\/anfrage-reservierung\/","title":{"rendered":"Anfrage + Reservierung"},"content":{"rendered":"<h3 style=\"text-align: justify;\"><img loading=\"lazy\" decoding=\"async\" class=\"size-full wp-image-421 alignright\" style=\"margin-left: 20px;\" src=\"http:\/\/www.vie-de-boheme.de\/urlaub\/wp-content\/uploads\/2013\/01\/anfrage.jpg\" alt=\"Anfrage\" width=\"448\" height=\"299\" srcset=\"https:\/\/www.vie-de-boheme.de\/urlaub\/wp-content\/uploads\/2013\/01\/anfrage.jpg 448w, https:\/\/www.vie-de-boheme.de\/urlaub\/wp-content\/uploads\/2013\/01\/anfrage-300x200.jpg 300w\" sizes=\"auto, (max-width: 448px) 100vw, 448px\" \/>Reservierungsanfrage<\/h3>\n<p>Eine Reservieruzngsanfrage stellen Sie bequem per Email.<br \/>\n<a href=\"&#109;&#x61;i&#x6c;&#x74;&#111;&#x3a;i&#x6e;&#x66;&#111;&#x40;v&#x69;&#x65;&#45;&#x64;e&#x2d;&#x62;&#111;&#x68;e&#x6d;&#x65;&#46;&#x64;e?subject=Reservierungsanfrage vie de boh\u00e8me\">Reservierungsanfragen stellen<\/a>\u00a0<em>(\u00f6ffnet ihr Emailprogramm)<\/em><\/p>\n<h3>Mietvertrag<\/h3>\n<p style=\"text-align: justify;\">Die Reservierung wird verbindlich, wenn Sie unser\u00a0 Formular ausgef\u00fcllt an uns per Post zur\u00fccksenden und 50% des Betrages \u00fcberwiesen haben. Download: <a href=\"https:\/\/www.vie-de-boheme.de\/urlaub\/wp-content\/uploads\/2022\/01\/mietvertrag_v3-13-01-2022.pdf\">Mietvertrag<\/a><\/p>\n","protected":false},"excerpt":{"rendered":"<p>Reservierungsanfrage Eine Reservieruzngsanfrage stellen Sie bequem per Email. Reservierungsanfragen stellen\u00a0(\u00f6ffnet ihr Emailprogramm) Mietvertrag Die Reservierung wird verbindlich, wenn Sie unser\u00a0 Formular ausgef\u00fcllt an uns per Post zur\u00fccksenden und 50% des Betrages \u00fcberwiesen haben. Download: Mietvertrag<\/p>\n","protected":false},"author":1,"featured_media":0,"parent":0,"menu_order":0,"comment_status":"closed","ping_status":"closed","template":"template-fullwidth.php","meta":{"footnotes":""},"class_list":["post-67","page","type-page","status-publish","hentry"],"yoast_head":"<!-- This site is optimized with the Yoast SEO plugin v27.2 - https:\/\/yoast.com\/product\/yoast-seo-wordpress\/ -->\n<title>Anfrage + Reservierung - vie de boh\u00e8me<\/title>\n<meta name=\"robots\" content=\"index, follow, max-snippet:-1, max-image-preview:large, max-video-preview:-1\" \/>\n<link rel=\"canonical\" href=\"https:\/\/www.vie-de-boheme.de\/urlaub\/anfrage-reservierung\/\" \/>\n<meta property=\"og:locale\" content=\"de_DE\" \/>\n<meta property=\"og:type\" content=\"article\" \/>\n<meta property=\"og:title\" content=\"Anfrage + Reservierung - vie de boh\u00e8me\" \/>\n<meta property=\"og:description\" content=\"Reservierungsanfrage Eine Reservieruzngsanfrage stellen Sie bequem per Email. Reservierungsanfragen stellen\u00a0(\u00f6ffnet ihr Emailprogramm) Mietvertrag Die Reservierung wird verbindlich, wenn Sie unser\u00a0 Formular ausgef\u00fcllt an uns per Post zur\u00fccksenden und 50% des Betrages \u00fcberwiesen haben. Download: Mietvertrag\" \/>\n<meta property=\"og:url\" content=\"https:\/\/www.vie-de-boheme.de\/urlaub\/anfrage-reservierung\/\" \/>\n<meta property=\"og:site_name\" content=\"vie de boh\u00e8me\" \/>\n<meta property=\"article:modified_time\" content=\"2022-01-16T13:51:19+00:00\" \/>\n<meta property=\"og:image\" content=\"http:\/\/www.vie-de-boheme.de\/urlaub\/wp-content\/uploads\/2013\/01\/anfrage.jpg\" \/>\n<meta name=\"twitter:card\" content=\"summary_large_image\" \/>\n<script type=\"application\/ld+json\" class=\"yoast-schema-graph\">{\"@context\":\"https:\/\/schema.org\",\"@graph\":[{\"@type\":\"WebPage\",\"@id\":\"https:\/\/www.vie-de-boheme.de\/urlaub\/anfrage-reservierung\/\",\"url\":\"https:\/\/www.vie-de-boheme.de\/urlaub\/anfrage-reservierung\/\",\"name\":\"Anfrage + Reservierung - vie de boh\u00e8me\",\"isPartOf\":{\"@id\":\"https:\/\/www.vie-de-boheme.de\/urlaub\/#website\"},\"primaryImageOfPage\":{\"@id\":\"https:\/\/www.vie-de-boheme.de\/urlaub\/anfrage-reservierung\/#primaryimage\"},\"image\":{\"@id\":\"https:\/\/www.vie-de-boheme.de\/urlaub\/anfrage-reservierung\/#primaryimage\"},\"thumbnailUrl\":\"http:\/\/www.vie-de-boheme.de\/urlaub\/wp-content\/uploads\/2013\/01\/anfrage.jpg\",\"datePublished\":\"2013-01-11T19:32:38+00:00\",\"dateModified\":\"2022-01-16T13:51:19+00:00\",\"breadcrumb\":{\"@id\":\"https:\/\/www.vie-de-boheme.de\/urlaub\/anfrage-reservierung\/#breadcrumb\"},\"inLanguage\":\"de\",\"potentialAction\":[{\"@type\":\"ReadAction\",\"target\":[\"https:\/\/www.vie-de-boheme.de\/urlaub\/anfrage-reservierung\/\"]}]},{\"@type\":\"ImageObject\",\"inLanguage\":\"de\",\"@id\":\"https:\/\/www.vie-de-boheme.de\/urlaub\/anfrage-reservierung\/#primaryimage\",\"url\":\"https:\/\/www.vie-de-boheme.de\/urlaub\/wp-content\/uploads\/2013\/01\/anfrage.jpg\",\"contentUrl\":\"https:\/\/www.vie-de-boheme.de\/urlaub\/wp-content\/uploads\/2013\/01\/anfrage.jpg\",\"width\":448,\"height\":299},{\"@type\":\"BreadcrumbList\",\"@id\":\"https:\/\/www.vie-de-boheme.de\/urlaub\/anfrage-reservierung\/#breadcrumb\",\"itemListElement\":[{\"@type\":\"ListItem\",\"position\":1,\"name\":\"Startseite\",\"item\":\"https:\/\/www.vie-de-boheme.de\/urlaub\/\"},{\"@type\":\"ListItem\",\"position\":2,\"name\":\"Anfrage + Reservierung\"}]},{\"@type\":\"WebSite\",\"@id\":\"https:\/\/www.vie-de-boheme.de\/urlaub\/#website\",\"url\":\"https:\/\/www.vie-de-boheme.de\/urlaub\/\",\"name\":\"vie de boh\u00e8me\",\"description\":\"Urlaub an der Ostsee\",\"potentialAction\":[{\"@type\":\"SearchAction\",\"target\":{\"@type\":\"EntryPoint\",\"urlTemplate\":\"https:\/\/www.vie-de-boheme.de\/urlaub\/?s={search_term_string}\"},\"query-input\":{\"@type\":\"PropertyValueSpecification\",\"valueRequired\":true,\"valueName\":\"search_term_string\"}}],\"inLanguage\":\"de\"}]}<\/script>\n<!-- \/ Yoast SEO plugin. -->","yoast_head_json":{"title":"Anfrage + Reservierung - vie de boh\u00e8me","robots":{"index":"index","follow":"follow","max-snippet":"max-snippet:-1","max-image-preview":"max-image-preview:large","max-video-preview":"max-video-preview:-1"},"canonical":"https:\/\/www.vie-de-boheme.de\/urlaub\/anfrage-reservierung\/","og_locale":"de_DE","og_type":"article","og_title":"Anfrage + Reservierung - vie de boh\u00e8me","og_description":"Reservierungsanfrage Eine Reservieruzngsanfrage stellen Sie bequem per Email. Reservierungsanfragen stellen\u00a0(\u00f6ffnet ihr Emailprogramm) Mietvertrag Die Reservierung wird verbindlich, wenn Sie unser\u00a0 Formular ausgef\u00fcllt an uns per Post zur\u00fccksenden und 50% des Betrages \u00fcberwiesen haben. Download: Mietvertrag","og_url":"https:\/\/www.vie-de-boheme.de\/urlaub\/anfrage-reservierung\/","og_site_name":"vie de boh\u00e8me","article_modified_time":"2022-01-16T13:51:19+00:00","og_image":[{"url":"http:\/\/www.vie-de-boheme.de\/urlaub\/wp-content\/uploads\/2013\/01\/anfrage.jpg","type":"","width":"","height":""}],"twitter_card":"summary_large_image","schema":{"@context":"https:\/\/schema.org","@graph":[{"@type":"WebPage","@id":"https:\/\/www.vie-de-boheme.de\/urlaub\/anfrage-reservierung\/","url":"https:\/\/www.vie-de-boheme.de\/urlaub\/anfrage-reservierung\/","name":"Anfrage + Reservierung - vie de boh\u00e8me","isPartOf":{"@id":"https:\/\/www.vie-de-boheme.de\/urlaub\/#website"},"primaryImageOfPage":{"@id":"https:\/\/www.vie-de-boheme.de\/urlaub\/anfrage-reservierung\/#primaryimage"},"image":{"@id":"https:\/\/www.vie-de-boheme.de\/urlaub\/anfrage-reservierung\/#primaryimage"},"thumbnailUrl":"http:\/\/www.vie-de-boheme.de\/urlaub\/wp-content\/uploads\/2013\/01\/anfrage.jpg","datePublished":"2013-01-11T19:32:38+00:00","dateModified":"2022-01-16T13:51:19+00:00","breadcrumb":{"@id":"https:\/\/www.vie-de-boheme.de\/urlaub\/anfrage-reservierung\/#breadcrumb"},"inLanguage":"de","potentialAction":[{"@type":"ReadAction","target":["https:\/\/www.vie-de-boheme.de\/urlaub\/anfrage-reservierung\/"]}]},{"@type":"ImageObject","inLanguage":"de","@id":"https:\/\/www.vie-de-boheme.de\/urlaub\/anfrage-reservierung\/#primaryimage","url":"https:\/\/www.vie-de-boheme.de\/urlaub\/wp-content\/uploads\/2013\/01\/anfrage.jpg","contentUrl":"https:\/\/www.vie-de-boheme.de\/urlaub\/wp-content\/uploads\/2013\/01\/anfrage.jpg","width":448,"height":299},{"@type":"BreadcrumbList","@id":"https:\/\/www.vie-de-boheme.de\/urlaub\/anfrage-reservierung\/#breadcrumb","itemListElement":[{"@type":"ListItem","position":1,"name":"Startseite","item":"https:\/\/www.vie-de-boheme.de\/urlaub\/"},{"@type":"ListItem","position":2,"name":"Anfrage + Reservierung"}]},{"@type":"WebSite","@id":"https:\/\/www.vie-de-boheme.de\/urlaub\/#website","url":"https:\/\/www.vie-de-boheme.de\/urlaub\/","name":"vie de boh\u00e8me","description":"Urlaub an der Ostsee","potentialAction":[{"@type":"SearchAction","target":{"@type":"EntryPoint","urlTemplate":"https:\/\/www.vie-de-boheme.de\/urlaub\/?s={search_term_string}"},"query-input":{"@type":"PropertyValueSpecification","valueRequired":true,"valueName":"search_term_string"}}],"inLanguage":"de"}]}},"_links":{"self":[{"href":"https:\/\/www.vie-de-boheme.de\/urlaub\/wp-json\/wp\/v2\/pages\/67","targetHints":{"allow":["GET"]}}],"collection":[{"href":"https:\/\/www.vie-de-boheme.de\/urlaub\/wp-json\/wp\/v2\/pages"}],"about":[{"href":"https:\/\/www.vie-de-boheme.de\/urlaub\/wp-json\/wp\/v2\/types\/page"}],"author":[{"embeddable":true,"href":"https:\/\/www.vie-de-boheme.de\/urlaub\/wp-json\/wp\/v2\/users\/1"}],"replies":[{"embeddable":true,"href":"https:\/\/www.vie-de-boheme.de\/urlaub\/wp-json\/wp\/v2\/comments?post=67"}],"version-history":[{"count":44,"href":"https:\/\/www.vie-de-boheme.de\/urlaub\/wp-json\/wp\/v2\/pages\/67\/revisions"}],"predecessor-version":[{"id":1267,"href":"https:\/\/www.vie-de-boheme.de\/urlaub\/wp-json\/wp\/v2\/pages\/67\/revisions\/1267"}],"wp:attachment":[{"href":"https:\/\/www.vie-de-boheme.de\/urlaub\/wp-json\/wp\/v2\/media?parent=67"}],"curies":[{"name":"wp","href":"https:\/\/api.w.org\/{rel}","templated":true}]}}